{"id":3791,"date":"2021-10-16T15:24:59","date_gmt":"2021-10-16T13:24:59","guid":{"rendered":"https:\/\/fertiliberica.es\/aviso-legal\/"},"modified":"2025-02-28T12:20:14","modified_gmt":"2025-02-28T11:20:14","slug":"aviso-legal","status":"publish","type":"page","link":"https:\/\/fertiliberica.es\/pt-pt\/aviso-legal\/","title":{"rendered":"Aviso legal"},"content":{"rendered":"\t\t<div data-elementor-type=\"wp-page\" data-elementor-id=\"3791\" class=\"elementor elementor-3791 elementor-57\" data-elementor-post-type=\"page\">\n\t\t\t\t\t\t<section class=\"elementor-section elementor-top-section elementor-element elementor-element-83c3299 elementor-section-boxed elementor-section-height-default elementor-section-height-default\" data-id=\"83c3299\" data-element_type=\"section\" data-e-type=\"section\">\n\t\t\t\t\t\t<div class=\"elementor-container elementor-column-gap-default\">\n\t\t\t\t\t<div class=\"elementor-column elementor-col-100 elementor-top-column elementor-element elementor-element-08780a7\" data-id=\"08780a7\" data-element_type=\"column\" data-e-type=\"column\">\n\t\t\t<div class=\"elementor-widget-wrap elementor-element-populated\">\n\t\t\t\t\t\t<div class=\"elementor-element elementor-element-0a23144 elementor-widget elementor-widget-heading\" data-id=\"0a23144\" data-element_type=\"widget\" data-e-type=\"widget\" data-widget_type=\"heading.default\">\n\t\t\t\t<div class=\"elementor-widget-container\">\n\t\t\t\t\t<h2 class=\"elementor-heading-title elementor-size-default\">AVISO LEGAL<\/h2>\t\t\t\t<\/div>\n\t\t\t\t<\/div>\n\t\t\t\t<div class=\"elementor-element elementor-element-f2b704f elementor-widget elementor-widget-text-editor\" data-id=\"f2b704f\" data-element_type=\"widget\" data-e-type=\"widget\" data-widget_type=\"text-editor.default\">\n\t\t\t\t<div class=\"elementor-widget-container\">\n\t\t\t\t\t\t\t\t\t<p>O objetivo do presente Aviso Legal \u00e9 inform\u00e1-lo dos seus direitos e obriga\u00e7\u00f5es enquanto utilizador deste s\u00edtio Web. Aqui encontrar\u00e1 todas as informa\u00e7\u00f5es necess\u00e1rias sobre este s\u00edtio Web, a sua atividade, os dados pessoais que recolhe e a sua finalidade, bem como as regras de utiliza\u00e7\u00e3o que regulam o uso deste s\u00edtio Web. <\/p>\n<p>No momento em que acede a este s\u00edtio Web <strong><\/strong><b>o utilizador assume a condi\u00e7\u00e3o de utilizador, pelo que o conte\u00fado do presente Aviso Legal o afecta diretamente. Por conseguinte, \u00e9 importante que o leia para dissipar quaisquer d\u00favidas que possa ter e para estar ciente das condi\u00e7\u00f5es que est\u00e1 a aceitar.<\/b> <\/p>\n<p>Para come\u00e7ar, deve saber que este s\u00edtio Web cumpre a regulamenta\u00e7\u00e3o em vigor em mat\u00e9ria de prote\u00e7\u00e3o de dados, com o objetivo de lhe dar as garantias, a seguran\u00e7a e a transpar\u00eancia a que, como utilizador, tem direito quando utiliza este s\u00edtio Web.<\/p>\n<p>O <b>RGPD<\/b> <b>(Regulamento (UE) 2016\/679 do Parlamento Europeu e do Conselho, de 27 de abril de 2016, relativo \u00e0 prote\u00e7\u00e3o das pessoas singulares)<\/b> \u00e9 o novo regulamento da Uni\u00e3o Europeia que unifica a regulamenta\u00e7\u00e3o do tratamento de dados pessoais nos diferentes pa\u00edses da UE.<\/p>\n<p>A <b>LOPDGDD<\/b> (<b>Lei Org\u00e2nica 3\/2018, de 3 de dezembro, sobre Prote\u00e7\u00e3o de Dados Pessoais<\/b> e <b>Real Decreto 1720\/2007, de 21 de dezembro, o Regulamento de aplica\u00e7\u00e3o da LOPD<\/b>) que regula o tratamento de dados pessoais e as obriga\u00e7\u00f5es que os respons\u00e1veis por um website ou blogue devem assumir na gest\u00e3o desta informa\u00e7\u00e3o.<\/p>\n<p>A <b>LSSI<\/b> <b>(Lei 34\/2002, de 11 de julho, sobre Servi\u00e7os da Sociedade da Informa\u00e7\u00e3o e Com\u00e9rcio Eletr\u00f3nico)<\/b> que regula as transac\u00e7\u00f5es econ\u00f3micas por meios electr\u00f3nicos, como \u00e9 o caso deste blogue.<\/p>\n<p><b>DADOS DE IDENTIFICA\u00c7\u00c3O<\/b><\/p>\n<p>O respons\u00e1vel e propriet\u00e1rio deste s\u00edtio Web \u00e9 <strong><\/strong><\/p>\n<ul>\n<li><b>Nome:<\/b> <\/li>\n<li><b>NIF:<\/b> <\/li>\n<li><b>Sede social:<\/b> <\/li>\n<li><b>Atividade do s\u00edtio Web:<\/b> distribui\u00e7\u00e3o de conte\u00fados relacionados com <strong><\/strong> publicidade de visualiza\u00e7\u00e3o e recomenda\u00e7\u00e3o de produtos de afiliados.<\/li>\n<li><b>Correio eletr\u00f3nico: <\/b> <\/li>\n<\/ul>\n<p>Os dados que nos facultar com o seu consentimento, e de acordo com a utiliza\u00e7\u00e3o estabelecida na nossa Pol\u00edtica de Privacidade, ser\u00e3o incorporados num ficheiro automatizado, sendo o respons\u00e1vel pelo referido ficheiro: <strong><\/strong><b> <\/b>Isto significa que os seus dados est\u00e3o seguros, em conformidade com a lei.<\/p>\n<p><b>REGRAS DE ACESSO AO S\u00cdTIO WEB<\/b><\/p>\n<p>Enquanto utilizador do nosso s\u00edtio Web, o utilizador tem tamb\u00e9m uma s\u00e9rie de obriga\u00e7\u00f5es:<\/p>\n<p>N\u00e3o \u00e9 permitido utilizar este s\u00edtio Web para realizar actividades contr\u00e1rias \u00e0 lei, \u00e0 moral, \u00e0 ordem p\u00fablica e, em geral, para o utilizar de acordo com as condi\u00e7\u00f5es estabelecidas no presente Aviso Legal.<\/p>\n<p>O utilizador n\u00e3o pode participar em publicidade ou explora\u00e7\u00e3o comercial enviando mensagens utilizando uma identidade falsa.<\/p>\n<p>O utilizador \u00e9 o \u00fanico respons\u00e1vel pela veracidade e exatid\u00e3o do conte\u00fado que introduz neste s\u00edtio Web e pelos dados pessoais que fornece para os fins definidos na nossa Pol\u00edtica de Privacidade.<\/p>\n<p>Ser\u00e1 tamb\u00e9m o \u00fanico respons\u00e1vel pela realiza\u00e7\u00e3o de qualquer tipo de a\u00e7\u00e3o ilegal, nociva, prejudicial e\/ou danosa nos sites de terceiros para os quais o possamos remeter a partir deste site para o desenvolvimento da nossa atividade.<\/p>\n<p>Como respons\u00e1vel pelo s\u00edtio Web, <strong><\/strong> pode interromper o servi\u00e7o da p\u00e1gina que est\u00e1 a ser utilizada pelo utilizador e terminar imediatamente a rela\u00e7\u00e3o se detetar qualquer utiliza\u00e7\u00e3o do s\u00edtio Web ou de qualquer um dos servi\u00e7os nele oferecidos que possa ser considerada contr\u00e1ria ao que est\u00e1 expresso no presente Aviso Legal.<\/p>\n<p><b>PROPRIEDADE INTELECTUAL E INDUSTRIAL<\/b><\/p>\n<p>A totalidade deste s\u00edtio Web (texto, imagens, marcas, gr\u00e1ficos, log\u00f3tipos, bot\u00f5es, ficheiros de software, combina\u00e7\u00f5es de cores, bem como a estrutura, sele\u00e7\u00e3o, disposi\u00e7\u00e3o e apresenta\u00e7\u00e3o dos seus conte\u00fados) est\u00e1 protegida pelas leis de Propriedade Intelectual e Industrial em vigor, sendo proibida a sua reprodu\u00e7\u00e3o, distribui\u00e7\u00e3o, comunica\u00e7\u00e3o p\u00fablica e transforma\u00e7\u00e3o, exceto para uso pessoal e privado.<\/p>\n<p>Como propriet\u00e1rio deste s\u00edtio web,<b> <strong><\/strong> <\/b>n\u00e3o garante que os conte\u00fados sejam exactos ou isentos de erros ou que a livre utiliza\u00e7\u00e3o dos conte\u00fados pelos utilizadores n\u00e3o infrinja os direitos de terceiros. A utiliza\u00e7\u00e3o ou m\u00e1 utiliza\u00e7\u00e3o deste s\u00edtio e dos seus conte\u00fados \u00e9 da responsabilidade do utilizador. <\/p>\n<p>Do mesmo modo, \u00e9 proibida a reprodu\u00e7\u00e3o, retransmiss\u00e3o, c\u00f3pia, cess\u00e3o ou retransmiss\u00e3o, total ou parcial, das informa\u00e7\u00f5es contidas no s\u00edtio, seja qual for a finalidade e o meio utilizado, sem autoriza\u00e7\u00e3o pr\u00e9via de <strong><\/strong><\/p>\n<p><b>LINKS<\/b><\/p>\n<p>Este s\u00edtio web inclui liga\u00e7\u00f5es a s\u00edtios de terceiros. As p\u00e1ginas pertencentes a estes terceiros n\u00e3o foram revistas e n\u00e3o s\u00e3o verificadas por n\u00f3s, pelo que n\u00e3o assumimos qualquer responsabilidade pelas mesmas.  <strong><\/strong> n\u00e3o \u00e9 respons\u00e1vel pelo conte\u00fado desses s\u00edtios Web, nem pelas medidas tomadas em rela\u00e7\u00e3o \u00e0 sua privacidade ou ao tratamento dos seus dados pessoais ou de quaisquer outros dados que possam surgir.<\/p>\n<p>Por conseguinte, recomendamos que leia atentamente as condi\u00e7\u00f5es de utiliza\u00e7\u00e3o, a pol\u00edtica de privacidade, os avisos legais e\/ou avisos semelhantes desses s\u00edtios.<\/p>\n<p><b>LINKS DE AFILIADOS DA AMAZON<\/b><\/p>\n<p>Este s\u00edtio web, de acordo com o seu objetivo, utiliza liga\u00e7\u00f5es de afiliados da Amazon.<\/p>\n<p>Isto significa que encontrar\u00e1 links para produtos da Amazon aos quais pode aceder diretamente a partir do nosso s\u00edtio Web, mas que, se aplic\u00e1vel, a compra ser\u00e1 efectuada na Amazon, de acordo com os seus pr\u00f3prios termos e condi\u00e7\u00f5es nesse momento.<\/p>\n<p><b>LIMITA\u00c7\u00c3O DA RESPONSABILIDADE<\/b><\/p>\n<p>No exerc\u00edcio do seu direito de propriet\u00e1rio deste s\u00edtio Web, informamos que <strong><\/strong><b> <\/b>n\u00e3o ser\u00e1, em caso algum, respons\u00e1vel pelo seguinte:<\/p>\n<p>A qualidade do servi\u00e7o, a rapidez de acesso, o funcionamento correto e a disponibilidade e continuidade do funcionamento do s\u00edtio.<\/p>\n<p>A exist\u00eancia de v\u00edrus, malware, programas maliciosos ou prejudiciais nos conte\u00fados.<\/p>\n<p>Utiliza\u00e7\u00e3o ilegal, negligente, fraudulenta ou contr\u00e1ria ao presente Aviso Legal.<\/p>\n<p>A falta de legalidade, qualidade, fiabilidade, utilidade e disponibilidade dos servi\u00e7os prestados por terceiros e colocados \u00e0 disposi\u00e7\u00e3o dos utilizadores neste s\u00edtio Web.<\/p>\n<p>Por danos que possam resultar da utiliza\u00e7\u00e3o ilegal ou indevida deste blogue.<\/p>\n<p><b>POL\u00cdTICA DE PRIVACIDADE E PROTEC\u00c7\u00c3O DE DADOS<\/b><\/p>\n<p>Este s\u00edtio web est\u00e1 em conformidade com a legisla\u00e7\u00e3o em vigor em mat\u00e9ria de prote\u00e7\u00e3o de dados, o que significa que, enquanto utilizador, deve dar o seu consentimento expresso antes de nos fornecer dados pessoais atrav\u00e9s dos v\u00e1rios formul\u00e1rios disponibilizados nas sec\u00e7\u00f5es do nosso s\u00edtio Web.<\/p>\n<p>Para o efeito, no interesse da transpar\u00eancia e do exerc\u00edcio do seu direito, \u00e9 nosso dever inform\u00e1-lo sobre os dados pessoais que recolhemos, armazenamos e tratamos e para que finalidades, e tem a possibilidade de, a qualquer momento, revogar livremente o seu consentimento.<\/p>\n<p>Todas estas informa\u00e7\u00f5es podem ser consultadas na nossa <b>POL\u00cdTICA DE PRIVACIDADE.<\/b><\/p>\n<p><b>POL\u00cdTICA DE COOKIES<\/b><\/p>\n<p>Como o informamos assim que acede ao nosso s\u00edtio Web, este s\u00edtio utiliza cookies pr\u00f3prios e de terceiros para lhe proporcionar a melhor experi\u00eancia de utiliza\u00e7\u00e3o e para desenvolver a nossa atividade.<\/p>\n<p>A qualquer momento, o utilizador ter\u00e1 a possibilidade de configurar o seu navegador para rejeitar a utiliza\u00e7\u00e3o destes cookies que, em alguns casos, afectar\u00e3o a sua experi\u00eancia de utilizador.<\/p>\n<p>Para obter informa\u00e7\u00f5es completas sobre a utiliza\u00e7\u00e3o de cookies neste s\u00edtio Web, a sua finalidade e a sua rejei\u00e7\u00e3o, consulte a nossa <b>POL\u00cdTICA DE COOKIES<\/b>.<\/p>\n<p><b>LEGISLA\u00c7\u00c3O APLIC\u00c1VEL E JURISDI\u00c7\u00c3O COMPETENTE<\/b><\/p>\n<p>O presente Aviso Legal est\u00e1 sujeito \u00e0 legisla\u00e7\u00e3o espanhola em vigor.<\/p>\n<p>Se necess\u00e1rio, em caso de lit\u00edgio judicial, <strong><\/strong> e o utilizador, com ren\u00fancia expressa a qualquer outro foro, submete-se aos Tribunais do domic\u00edlio do utilizador para qualquer lit\u00edgio que possa surgir.<\/p>\n<p>No caso de o utilizador estar domiciliado fora de Espanha, <strong><\/strong><b> <\/b>e o utilizador submete-se, com ren\u00fancia expressa a qualquer outro foro, aos tribunais de Barcelona (Espanha).<\/p>\n<p>Se tiver alguma d\u00favida sobre este Aviso Legal, pode enviar-nos uma mensagem de correio eletr\u00f3nico para <strong><\/strong>.<\/p>\n\t\t\t\t\t\t\t\t<\/div>\n\t\t\t\t<\/div>\n\t\t\t\t\t<\/div>\n\t\t<\/div>\n\t\t\t\t\t<\/div>\n\t\t<\/section>\n\t\t\t\t<\/div>\n\t\t","protected":false},"excerpt":{"rendered":"<p>AVISO LEGAL O objetivo do presente Aviso Legal \u00e9 inform\u00e1-lo dos seus direitos e obriga\u00e7\u00f5es enquanto utilizador deste s\u00edtio Web. Aqui encontrar\u00e1 todas as informa\u00e7\u00f5es necess\u00e1rias sobre este s\u00edtio Web, a sua atividade, os dados pessoais que recolhe e a sua finalidade, bem como as regras de utiliza\u00e7\u00e3o que regulam o uso deste s\u00edtio Web. [&hellip;]<\/p>\n","protected":false},"author":2,"featured_media":0,"parent":0,"menu_order":0,"comment_status":"closed","ping_status":"closed","template":"elementor_header_footer","meta":{"_acf_changed":false,"inline_featured_image":false,"footnotes":""},"class_list":["post-3791","page","type-page","status-publish","hentry"],"acf":[],"yoast_head":"<!-- This site is optimized with the Yoast SEO plugin v26.8 - https:\/\/yoast.com\/product\/yoast-seo-wordpress\/ -->\n<title>\u25b7Aviso legal - \u3010 Fertil Ib\u00e9rica \u3011<\/title>\n<meta name=\"description\" content=\"AVISO LEGAL O objetivo do presente Aviso Legal \u00e9 inform\u00e1-lo dos seus direitos e obriga\u00e7\u00f5es enquanto utilizador deste s\u00edtio Web. Aqui encontrar\u00e1 todas as \u2713\" \/>\n<meta name=\"robots\" content=\"noindex, nofollow\" \/>\n<meta property=\"og:locale\" content=\"pt_PT\" \/>\n<meta property=\"og:type\" content=\"article\" \/>\n<meta property=\"og:title\" content=\"\u25b7Aviso legal - \u3010 Fertil Ib\u00e9rica \u3011\" \/>\n<meta property=\"og:description\" content=\"AVISO LEGAL O objetivo do presente Aviso Legal \u00e9 inform\u00e1-lo dos seus direitos e obriga\u00e7\u00f5es enquanto utilizador deste s\u00edtio Web. Aqui encontrar\u00e1 todas as \u2713\" \/>\n<meta property=\"og:url\" content=\"https:\/\/fertiliberica.es\/pt-pt\/aviso-legal\/\" \/>\n<meta property=\"og:site_name\" content=\"Fertil Ib\u00e9rica\" \/>\n<meta property=\"article:modified_time\" content=\"2025-02-28T11:20:14+00:00\" \/>\n<meta name=\"twitter:card\" content=\"summary_large_image\" \/>\n<meta name=\"twitter:label1\" content=\"Tempo estimado de leitura\" \/>\n\t<meta name=\"twitter:data1\" content=\"8 minutos\" \/>\n<script type=\"application\/ld+json\" class=\"yoast-schema-graph\">{\"@context\":\"https:\/\/schema.org\",\"@graph\":[{\"@type\":\"WebPage\",\"@id\":\"https:\/\/fertiliberica.es\/pt-pt\/aviso-legal\/\",\"url\":\"https:\/\/fertiliberica.es\/pt-pt\/aviso-legal\/\",\"name\":\"\u25b7Aviso legal - \u3010 Fertil Ib\u00e9rica \u3011\",\"isPartOf\":{\"@id\":\"https:\/\/fertiliberica.es\/#website\"},\"datePublished\":\"2021-10-16T13:24:59+00:00\",\"dateModified\":\"2025-02-28T11:20:14+00:00\",\"description\":\"AVISO LEGAL O objetivo do presente Aviso Legal \u00e9 inform\u00e1-lo dos seus direitos e obriga\u00e7\u00f5es enquanto utilizador deste s\u00edtio Web. Aqui encontrar\u00e1 todas as \u2713\",\"breadcrumb\":{\"@id\":\"https:\/\/fertiliberica.es\/pt-pt\/aviso-legal\/#breadcrumb\"},\"inLanguage\":\"pt-PT\",\"potentialAction\":[{\"@type\":\"ReadAction\",\"target\":[\"https:\/\/fertiliberica.es\/pt-pt\/aviso-legal\/\"]}]},{\"@type\":\"BreadcrumbList\",\"@id\":\"https:\/\/fertiliberica.es\/pt-pt\/aviso-legal\/#breadcrumb\",\"itemListElement\":[{\"@type\":\"ListItem\",\"position\":1,\"name\":\"Portada\",\"item\":\"https:\/\/fertiliberica.es\/pt-pt\/home\/\"},{\"@type\":\"ListItem\",\"position\":2,\"name\":\"Aviso legal\"}]},{\"@type\":\"WebSite\",\"@id\":\"https:\/\/fertiliberica.es\/#website\",\"url\":\"https:\/\/fertiliberica.es\/\",\"name\":\"Fertil Ib\u00e9rica\",\"description\":\"T\u00e9cnicas de Reproducci\u00f3n Asistida\",\"publisher\":{\"@id\":\"https:\/\/fertiliberica.es\/#organization\"},\"potentialAction\":[{\"@type\":\"SearchAction\",\"target\":{\"@type\":\"EntryPoint\",\"urlTemplate\":\"https:\/\/fertiliberica.es\/?s={search_term_string}\"},\"query-input\":{\"@type\":\"PropertyValueSpecification\",\"valueRequired\":true,\"valueName\":\"search_term_string\"}}],\"inLanguage\":\"pt-PT\"},{\"@type\":\"Organization\",\"@id\":\"https:\/\/fertiliberica.es\/#organization\",\"name\":\"Fertil Ib\u00e9rica\",\"url\":\"https:\/\/fertiliberica.es\/\",\"logo\":{\"@type\":\"ImageObject\",\"inLanguage\":\"pt-PT\",\"@id\":\"https:\/\/fertiliberica.es\/#\/schema\/logo\/image\/\",\"url\":\"https:\/\/fertiliberica.es\/wp-content\/uploads\/2024\/10\/logo_fertil_iberica.png\",\"contentUrl\":\"https:\/\/fertiliberica.es\/wp-content\/uploads\/2024\/10\/logo_fertil_iberica.png\",\"width\":912,\"height\":357,\"caption\":\"Fertil Ib\u00e9rica\"},\"image\":{\"@id\":\"https:\/\/fertiliberica.es\/#\/schema\/logo\/image\/\"}}]}<\/script>\n<!-- \/ Yoast SEO plugin. -->","yoast_head_json":{"title":"\u25b7Aviso legal - \u3010 Fertil Ib\u00e9rica \u3011","description":"AVISO LEGAL O objetivo do presente Aviso Legal \u00e9 inform\u00e1-lo dos seus direitos e obriga\u00e7\u00f5es enquanto utilizador deste s\u00edtio Web. Aqui encontrar\u00e1 todas as \u2713","robots":{"index":"noindex","follow":"nofollow"},"og_locale":"pt_PT","og_type":"article","og_title":"\u25b7Aviso legal - \u3010 Fertil Ib\u00e9rica \u3011","og_description":"AVISO LEGAL O objetivo do presente Aviso Legal \u00e9 inform\u00e1-lo dos seus direitos e obriga\u00e7\u00f5es enquanto utilizador deste s\u00edtio Web. Aqui encontrar\u00e1 todas as \u2713","og_url":"https:\/\/fertiliberica.es\/pt-pt\/aviso-legal\/","og_site_name":"Fertil Ib\u00e9rica","article_modified_time":"2025-02-28T11:20:14+00:00","twitter_card":"summary_large_image","twitter_misc":{"Tempo estimado de leitura":"8 minutos"},"schema":{"@context":"https:\/\/schema.org","@graph":[{"@type":"WebPage","@id":"https:\/\/fertiliberica.es\/pt-pt\/aviso-legal\/","url":"https:\/\/fertiliberica.es\/pt-pt\/aviso-legal\/","name":"\u25b7Aviso legal - \u3010 Fertil Ib\u00e9rica \u3011","isPartOf":{"@id":"https:\/\/fertiliberica.es\/#website"},"datePublished":"2021-10-16T13:24:59+00:00","dateModified":"2025-02-28T11:20:14+00:00","description":"AVISO LEGAL O objetivo do presente Aviso Legal \u00e9 inform\u00e1-lo dos seus direitos e obriga\u00e7\u00f5es enquanto utilizador deste s\u00edtio Web. Aqui encontrar\u00e1 todas as \u2713","breadcrumb":{"@id":"https:\/\/fertiliberica.es\/pt-pt\/aviso-legal\/#breadcrumb"},"inLanguage":"pt-PT","potentialAction":[{"@type":"ReadAction","target":["https:\/\/fertiliberica.es\/pt-pt\/aviso-legal\/"]}]},{"@type":"BreadcrumbList","@id":"https:\/\/fertiliberica.es\/pt-pt\/aviso-legal\/#breadcrumb","itemListElement":[{"@type":"ListItem","position":1,"name":"Portada","item":"https:\/\/fertiliberica.es\/pt-pt\/home\/"},{"@type":"ListItem","position":2,"name":"Aviso legal"}]},{"@type":"WebSite","@id":"https:\/\/fertiliberica.es\/#website","url":"https:\/\/fertiliberica.es\/","name":"Fertil Ib\u00e9rica","description":"T\u00e9cnicas de Reproducci\u00f3n Asistida","publisher":{"@id":"https:\/\/fertiliberica.es\/#organization"},"potentialAction":[{"@type":"SearchAction","target":{"@type":"EntryPoint","urlTemplate":"https:\/\/fertiliberica.es\/?s={search_term_string}"},"query-input":{"@type":"PropertyValueSpecification","valueRequired":true,"valueName":"search_term_string"}}],"inLanguage":"pt-PT"},{"@type":"Organization","@id":"https:\/\/fertiliberica.es\/#organization","name":"Fertil Ib\u00e9rica","url":"https:\/\/fertiliberica.es\/","logo":{"@type":"ImageObject","inLanguage":"pt-PT","@id":"https:\/\/fertiliberica.es\/#\/schema\/logo\/image\/","url":"https:\/\/fertiliberica.es\/wp-content\/uploads\/2024\/10\/logo_fertil_iberica.png","contentUrl":"https:\/\/fertiliberica.es\/wp-content\/uploads\/2024\/10\/logo_fertil_iberica.png","width":912,"height":357,"caption":"Fertil Ib\u00e9rica"},"image":{"@id":"https:\/\/fertiliberica.es\/#\/schema\/logo\/image\/"}}]}},"_links":{"self":[{"href":"https:\/\/fertiliberica.es\/pt-pt\/wp-json\/wp\/v2\/pages\/3791","targetHints":{"allow":["GET"]}}],"collection":[{"href":"https:\/\/fertiliberica.es\/pt-pt\/wp-json\/wp\/v2\/pages"}],"about":[{"href":"https:\/\/fertiliberica.es\/pt-pt\/wp-json\/wp\/v2\/types\/page"}],"author":[{"embeddable":true,"href":"https:\/\/fertiliberica.es\/pt-pt\/wp-json\/wp\/v2\/users\/2"}],"replies":[{"embeddable":true,"href":"https:\/\/fertiliberica.es\/pt-pt\/wp-json\/wp\/v2\/comments?post=3791"}],"version-history":[{"count":1,"href":"https:\/\/fertiliberica.es\/pt-pt\/wp-json\/wp\/v2\/pages\/3791\/revisions"}],"predecessor-version":[{"id":3792,"href":"https:\/\/fertiliberica.es\/pt-pt\/wp-json\/wp\/v2\/pages\/3791\/revisions\/3792"}],"wp:attachment":[{"href":"https:\/\/fertiliberica.es\/pt-pt\/wp-json\/wp\/v2\/media?parent=3791"}],"curies":[{"name":"wp","href":"https:\/\/api.w.org\/{rel}","templated":true}]}}