{"id":3789,"date":"2023-06-16T15:36:55","date_gmt":"2023-06-16T13:36:55","guid":{"rendered":"https:\/\/fertiliberica.es\/politica-de-acessibilidade\/"},"modified":"2025-02-28T11:34:55","modified_gmt":"2025-02-28T10:34:55","slug":"politica-de-acessibilidade","status":"publish","type":"page","link":"https:\/\/fertiliberica.es\/pt-pt\/politica-de-acessibilidade\/","title":{"rendered":"Pol\u00edtica de acessibilidade"},"content":{"rendered":"\t\t<div data-elementor-type=\"wp-page\" data-elementor-id=\"3789\" class=\"elementor elementor-3789 elementor-325\" data-elementor-post-type=\"page\">\n\t\t\t\t\t\t<section class=\"elementor-section elementor-top-section elementor-element elementor-element-98e1df3 elementor-section-boxed elementor-section-height-default elementor-section-height-default\" data-id=\"98e1df3\" data-element_type=\"section\" data-e-type=\"section\">\n\t\t\t\t\t\t<div class=\"elementor-container elementor-column-gap-default\">\n\t\t\t\t\t<div class=\"elementor-column elementor-col-100 elementor-top-column elementor-element elementor-element-f27ba1f\" data-id=\"f27ba1f\" data-element_type=\"column\" data-e-type=\"column\">\n\t\t\t<div class=\"elementor-widget-wrap elementor-element-populated\">\n\t\t\t\t\t\t<div class=\"elementor-element elementor-element-b4c043b elementor-widget elementor-widget-text-editor\" data-id=\"b4c043b\" data-element_type=\"widget\" data-e-type=\"widget\" data-widget_type=\"text-editor.default\">\n\t\t\t\t<div class=\"elementor-widget-container\">\n\t\t\t\t\t\t\t\t\t<p>La empresa <span style=\"color: #ff0000;\"><strong>XXXXXXX<\/strong><\/span> compromete-se a tornar o seu s\u00edtio Web acess\u00edvel, em conformidade com o Real Decreto 1112\/2018, de 7 de setembro, relativo \u00e0 acessibilidade dos s\u00edtios Web e das aplica\u00e7\u00f5es m\u00f3veis do sector p\u00fablico, ou desenvolvimentos financiados pela Europa.<\/p>\n<p>Esta declara\u00e7\u00e3o de acessibilidade aplica-se ao s\u00edtio web <span style=\"color: #ff0000;\"><strong>XXXXXXX <\/strong><\/span>excluindo conte\u00fados incorporados de outros dom\u00ednios.<\/p>\n<p><strong>Situa\u00e7\u00e3o de cumprimento<\/strong> Este s\u00edtio Web est\u00e1 parcialmente em conformidade com o RD 1112\/2018 devido \u00e0 n\u00e3o conformidade dos aspetos abaixo indicados.<\/p>\n<p><strong>Conte\u00fado n\u00e3o acess\u00edvel<\/strong><\/p>\n<p>O conte\u00fado abaixo n\u00e3o \u00e9 acess\u00edvel pelas seguintes raz\u00f5es:<\/p>\n<ul>\n<li>N\u00e3o conformidade:<\/li>\n<li>Pode haver algumas imagens para as quais a alternativa n\u00e3o \u00e9 implementada ou n\u00e3o \u00e9 correta &#8211; &#8211; Requisito 9.1.1.1 Conte\u00fado n\u00e3o textual UNE-EN 301549:2022<\/li>\n<li>Nos formul\u00e1rios, pode haver campos que n\u00e3o tenham sido facilitados por sistemas automatizados &#8211; Requisito 9.1.3.5 Identificar o objetivo da entrada UNE-EN 301549:2022<\/li>\n<li>Pode haver elementos com contraste insuficiente em algumas p\u00e1ginas &#8211; Requisito 9.1.4.3 Contraste UNE-EN 301549:2020<\/li>\n<li>Pode haver campos de formul\u00e1rio cuja etiqueta n\u00e3o esteja correta ou n\u00e3o exista &#8211; Requisito n\u00famero 9.3.3.2 Etiquetas ou instru\u00e7\u00f5es da UNE-EN 301549:2022<\/li>\n<li>Podem existir alguns erros de an\u00e1lise no c\u00f3digo &#8211; Requisito n\u00famero 9.4.1.1.1 Processamento da UNE-EN 301549:2022<\/li>\n<li>Poder\u00e1 haver erros de edi\u00e7\u00e3o ocasionais em algumas p\u00e1ginas Web.<\/li>\n<li>Encargos desproporcionados: N\u00e3o aplic\u00e1vel.<\/li>\n<li>O conte\u00fado n\u00e3o \u00e9 abrangido pelo \u00e2mbito de aplica\u00e7\u00e3o da legisla\u00e7\u00e3o aplic\u00e1vel. Podem existir ficheiros de escrit\u00f3rio em PDF ou noutros formatos publicados antes de 20 de setembro de 2018 que n\u00e3o cumprem integralmente todos os requisitos de acessibilidade. Pode haver conte\u00fados de terceiros que n\u00e3o sejam desenvolvidos por esta unidade nem estejam sob o seu controlo, tais como ficheiros de escrit\u00f3rio de diferentes ag\u00eancias que tenham de ser publicados neste s\u00edtio.<\/li>\n<\/ul>\n<p><strong>Observa\u00e7\u00f5es e contactos<\/strong><\/p>\n<ul>\n<li>Pode fazer comunica\u00e7\u00f5es sobre requisitos de acessibilidade [artigo 10.2.a) do RD 1112\/2018] como, por exemplo: Comunicar qualquer eventual incumprimento por parte deste s\u00edtio Web.<\/li>\n<li>Transmitir outras dificuldades de acesso aos conte\u00fados.<\/li>\n<li>Para fazer quaisquer outras perguntas ou sugest\u00f5es de melhoria relativamente \u00e0 acessibilidade do s\u00edtio Web, escrevendo para o seguinte endere\u00e7o <span style=\"color: #ff0000;\"><strong>XXXXXXX<\/strong><\/span> ou telefonando para <span style=\"color: #ff0000;\"><strong>XXXXXXX<\/strong><\/span> das 9h00 \u00e0s 14h00, de segunda a sexta-feira.<\/li>\n<\/ul>\n<p><strong>Pode apresentar:<\/strong><\/p>\n<ul>\n<li>Uma queixa relativa ao cumprimento dos requisitos do RD 1112\/2018<\/li>\n<li>Um pedido de informa\u00e7\u00f5es acess\u00edveis relativas a:\n<ul>\n<li>Conte\u00fados exclu\u00eddos do \u00e2mbito de aplica\u00e7\u00e3o do RD 1112\/2018, conforme estabelecido no n.\u00ba 4 do artigo 3.<\/li>\n<li>Conte\u00fados isentos de requisitos de acessibilidade porque imp\u00f5em uma sobrecarga desproporcionada.<\/li>\n<\/ul>\n<\/li>\n<\/ul>\n<p>O pedido de informa\u00e7\u00f5es acess\u00edveis deve indicar claramente os factos, as raz\u00f5es e o pedido, de modo a estabelecer que o pedido \u00e9 razo\u00e1vel e leg\u00edtimo.<\/p>\n\t\t\t\t\t\t\t\t<\/div>\n\t\t\t\t<\/div>\n\t\t\t\t\t<\/div>\n\t\t<\/div>\n\t\t\t\t\t<\/div>\n\t\t<\/section>\n\t\t\t\t<\/div>\n\t\t","protected":false},"excerpt":{"rendered":"<p>La empresa XXXXXXX compromete-se a tornar o seu s\u00edtio Web acess\u00edvel, em conformidade com o Real Decreto 1112\/2018, de 7 de setembro, relativo \u00e0 acessibilidade dos s\u00edtios Web e das aplica\u00e7\u00f5es m\u00f3veis do sector p\u00fablico, ou desenvolvimentos financiados pela Europa. Esta declara\u00e7\u00e3o de acessibilidade aplica-se ao s\u00edtio web XXXXXXX excluindo conte\u00fados incorporados de outros dom\u00ednios. [&hellip;]<\/p>\n","protected":false},"author":2,"featured_media":0,"parent":0,"menu_order":0,"comment_status":"closed","ping_status":"closed","template":"","meta":{"_acf_changed":false,"inline_featured_image":false,"footnotes":""},"class_list":["post-3789","page","type-page","status-publish","hentry"],"acf":[],"yoast_head":"<!-- This site is optimized with the Yoast SEO plugin v26.8 - https:\/\/yoast.com\/product\/yoast-seo-wordpress\/ -->\n<title>\u25b7Pol\u00edtica de acessibilidade - \u3010 Fertil Ib\u00e9rica \u3011<\/title>\n<meta name=\"description\" content=\"La empresa XXXXXXX compromete-se a tornar o seu s\u00edtio Web acess\u00edvel, em conformidade com o Real Decreto 1112\/2018, de 7 de setembro, relativo \u00e0 \u2713\" \/>\n<meta name=\"robots\" content=\"noindex, nofollow\" \/>\n<meta property=\"og:locale\" content=\"pt_PT\" \/>\n<meta property=\"og:type\" content=\"article\" \/>\n<meta property=\"og:title\" content=\"\u25b7Pol\u00edtica de acessibilidade - \u3010 Fertil Ib\u00e9rica \u3011\" \/>\n<meta property=\"og:description\" content=\"La empresa XXXXXXX compromete-se a tornar o seu s\u00edtio Web acess\u00edvel, em conformidade com o Real Decreto 1112\/2018, de 7 de setembro, relativo \u00e0 \u2713\" \/>\n<meta property=\"og:url\" content=\"https:\/\/fertiliberica.es\/pt-pt\/politica-de-acessibilidade\/\" \/>\n<meta property=\"og:site_name\" content=\"Fertil Ib\u00e9rica\" \/>\n<meta property=\"article:modified_time\" content=\"2025-02-28T10:34:55+00:00\" \/>\n<meta name=\"twitter:card\" content=\"summary_large_image\" \/>\n<meta name=\"twitter:label1\" content=\"Tempo estimado de leitura\" \/>\n\t<meta name=\"twitter:data1\" content=\"2 minutos\" \/>\n<script type=\"application\/ld+json\" class=\"yoast-schema-graph\">{\"@context\":\"https:\/\/schema.org\",\"@graph\":[{\"@type\":\"WebPage\",\"@id\":\"https:\/\/fertiliberica.es\/pt-pt\/politica-de-acessibilidade\/\",\"url\":\"https:\/\/fertiliberica.es\/pt-pt\/politica-de-acessibilidade\/\",\"name\":\"\u25b7Pol\u00edtica de acessibilidade - \u3010 Fertil Ib\u00e9rica \u3011\",\"isPartOf\":{\"@id\":\"https:\/\/fertiliberica.es\/#website\"},\"datePublished\":\"2023-06-16T13:36:55+00:00\",\"dateModified\":\"2025-02-28T10:34:55+00:00\",\"description\":\"La empresa XXXXXXX compromete-se a tornar o seu s\u00edtio Web acess\u00edvel, em conformidade com o Real Decreto 1112\/2018, de 7 de setembro, relativo \u00e0 \u2713\",\"breadcrumb\":{\"@id\":\"https:\/\/fertiliberica.es\/pt-pt\/politica-de-acessibilidade\/#breadcrumb\"},\"inLanguage\":\"pt-PT\",\"potentialAction\":[{\"@type\":\"ReadAction\",\"target\":[\"https:\/\/fertiliberica.es\/pt-pt\/politica-de-acessibilidade\/\"]}]},{\"@type\":\"BreadcrumbList\",\"@id\":\"https:\/\/fertiliberica.es\/pt-pt\/politica-de-acessibilidade\/#breadcrumb\",\"itemListElement\":[{\"@type\":\"ListItem\",\"position\":1,\"name\":\"Portada\",\"item\":\"https:\/\/fertiliberica.es\/pt-pt\/home\/\"},{\"@type\":\"ListItem\",\"position\":2,\"name\":\"Pol\u00edtica de acessibilidade\"}]},{\"@type\":\"WebSite\",\"@id\":\"https:\/\/fertiliberica.es\/#website\",\"url\":\"https:\/\/fertiliberica.es\/\",\"name\":\"Fertil Ib\u00e9rica\",\"description\":\"T\u00e9cnicas de Reproducci\u00f3n Asistida\",\"publisher\":{\"@id\":\"https:\/\/fertiliberica.es\/#organization\"},\"potentialAction\":[{\"@type\":\"SearchAction\",\"target\":{\"@type\":\"EntryPoint\",\"urlTemplate\":\"https:\/\/fertiliberica.es\/?s={search_term_string}\"},\"query-input\":{\"@type\":\"PropertyValueSpecification\",\"valueRequired\":true,\"valueName\":\"search_term_string\"}}],\"inLanguage\":\"pt-PT\"},{\"@type\":\"Organization\",\"@id\":\"https:\/\/fertiliberica.es\/#organization\",\"name\":\"Fertil Ib\u00e9rica\",\"url\":\"https:\/\/fertiliberica.es\/\",\"logo\":{\"@type\":\"ImageObject\",\"inLanguage\":\"pt-PT\",\"@id\":\"https:\/\/fertiliberica.es\/#\/schema\/logo\/image\/\",\"url\":\"https:\/\/fertiliberica.es\/wp-content\/uploads\/2024\/10\/logo_fertil_iberica.png\",\"contentUrl\":\"https:\/\/fertiliberica.es\/wp-content\/uploads\/2024\/10\/logo_fertil_iberica.png\",\"width\":912,\"height\":357,\"caption\":\"Fertil Ib\u00e9rica\"},\"image\":{\"@id\":\"https:\/\/fertiliberica.es\/#\/schema\/logo\/image\/\"}}]}<\/script>\n<!-- \/ Yoast SEO plugin. -->","yoast_head_json":{"title":"\u25b7Pol\u00edtica de acessibilidade - \u3010 Fertil Ib\u00e9rica \u3011","description":"La empresa XXXXXXX compromete-se a tornar o seu s\u00edtio Web acess\u00edvel, em conformidade com o Real Decreto 1112\/2018, de 7 de setembro, relativo \u00e0 \u2713","robots":{"index":"noindex","follow":"nofollow"},"og_locale":"pt_PT","og_type":"article","og_title":"\u25b7Pol\u00edtica de acessibilidade - \u3010 Fertil Ib\u00e9rica \u3011","og_description":"La empresa XXXXXXX compromete-se a tornar o seu s\u00edtio Web acess\u00edvel, em conformidade com o Real Decreto 1112\/2018, de 7 de setembro, relativo \u00e0 \u2713","og_url":"https:\/\/fertiliberica.es\/pt-pt\/politica-de-acessibilidade\/","og_site_name":"Fertil Ib\u00e9rica","article_modified_time":"2025-02-28T10:34:55+00:00","twitter_card":"summary_large_image","twitter_misc":{"Tempo estimado de leitura":"2 minutos"},"schema":{"@context":"https:\/\/schema.org","@graph":[{"@type":"WebPage","@id":"https:\/\/fertiliberica.es\/pt-pt\/politica-de-acessibilidade\/","url":"https:\/\/fertiliberica.es\/pt-pt\/politica-de-acessibilidade\/","name":"\u25b7Pol\u00edtica de acessibilidade - \u3010 Fertil Ib\u00e9rica \u3011","isPartOf":{"@id":"https:\/\/fertiliberica.es\/#website"},"datePublished":"2023-06-16T13:36:55+00:00","dateModified":"2025-02-28T10:34:55+00:00","description":"La empresa XXXXXXX compromete-se a tornar o seu s\u00edtio Web acess\u00edvel, em conformidade com o Real Decreto 1112\/2018, de 7 de setembro, relativo \u00e0 \u2713","breadcrumb":{"@id":"https:\/\/fertiliberica.es\/pt-pt\/politica-de-acessibilidade\/#breadcrumb"},"inLanguage":"pt-PT","potentialAction":[{"@type":"ReadAction","target":["https:\/\/fertiliberica.es\/pt-pt\/politica-de-acessibilidade\/"]}]},{"@type":"BreadcrumbList","@id":"https:\/\/fertiliberica.es\/pt-pt\/politica-de-acessibilidade\/#breadcrumb","itemListElement":[{"@type":"ListItem","position":1,"name":"Portada","item":"https:\/\/fertiliberica.es\/pt-pt\/home\/"},{"@type":"ListItem","position":2,"name":"Pol\u00edtica de acessibilidade"}]},{"@type":"WebSite","@id":"https:\/\/fertiliberica.es\/#website","url":"https:\/\/fertiliberica.es\/","name":"Fertil Ib\u00e9rica","description":"T\u00e9cnicas de Reproducci\u00f3n Asistida","publisher":{"@id":"https:\/\/fertiliberica.es\/#organization"},"potentialAction":[{"@type":"SearchAction","target":{"@type":"EntryPoint","urlTemplate":"https:\/\/fertiliberica.es\/?s={search_term_string}"},"query-input":{"@type":"PropertyValueSpecification","valueRequired":true,"valueName":"search_term_string"}}],"inLanguage":"pt-PT"},{"@type":"Organization","@id":"https:\/\/fertiliberica.es\/#organization","name":"Fertil Ib\u00e9rica","url":"https:\/\/fertiliberica.es\/","logo":{"@type":"ImageObject","inLanguage":"pt-PT","@id":"https:\/\/fertiliberica.es\/#\/schema\/logo\/image\/","url":"https:\/\/fertiliberica.es\/wp-content\/uploads\/2024\/10\/logo_fertil_iberica.png","contentUrl":"https:\/\/fertiliberica.es\/wp-content\/uploads\/2024\/10\/logo_fertil_iberica.png","width":912,"height":357,"caption":"Fertil Ib\u00e9rica"},"image":{"@id":"https:\/\/fertiliberica.es\/#\/schema\/logo\/image\/"}}]}},"_links":{"self":[{"href":"https:\/\/fertiliberica.es\/pt-pt\/wp-json\/wp\/v2\/pages\/3789","targetHints":{"allow":["GET"]}}],"collection":[{"href":"https:\/\/fertiliberica.es\/pt-pt\/wp-json\/wp\/v2\/pages"}],"about":[{"href":"https:\/\/fertiliberica.es\/pt-pt\/wp-json\/wp\/v2\/types\/page"}],"author":[{"embeddable":true,"href":"https:\/\/fertiliberica.es\/pt-pt\/wp-json\/wp\/v2\/users\/2"}],"replies":[{"embeddable":true,"href":"https:\/\/fertiliberica.es\/pt-pt\/wp-json\/wp\/v2\/comments?post=3789"}],"version-history":[{"count":1,"href":"https:\/\/fertiliberica.es\/pt-pt\/wp-json\/wp\/v2\/pages\/3789\/revisions"}],"predecessor-version":[{"id":3790,"href":"https:\/\/fertiliberica.es\/pt-pt\/wp-json\/wp\/v2\/pages\/3789\/revisions\/3790"}],"wp:attachment":[{"href":"https:\/\/fertiliberica.es\/pt-pt\/wp-json\/wp\/v2\/media?parent=3789"}],"curies":[{"name":"wp","href":"https:\/\/api.w.org\/{rel}","templated":true}]}}